{"id":1731,"date":"2025-02-01T18:54:08","date_gmt":"2025-02-01T17:54:08","guid":{"rendered":"https:\/\/ficedula.pl\/?page_id=1731"},"modified":"2025-02-01T19:20:37","modified_gmt":"2025-02-01T18:20:37","slug":"nie-taki-las-straszny","status":"publish","type":"page","link":"https:\/\/ficedula.pl\/index.php\/nie-taki-las-straszny\/","title":{"rendered":"Nie taki las straszny&#8230;"},"content":{"rendered":"<p><em>Zadanie: <span class=\"editable-pre-wrapped\" data-checking=\"SyntetycznyOpisZadania |Text\">Upowszechnienie w\u015br\u00f3d dzieci i m\u0142odzie\u017cy wiedzy na temat bezpiecze\u0144stwa w lesie i w kontakcie z dzikimi zwierz\u0119tami, kszta\u0142towanie w\u0142a\u015bciwych zachowa\u0144 w stosunku do dzikich zwierz\u0105t. <\/span> <\/em><\/p>\r\n<p><strong><span class=\"editable-pre-wrapped\" data-checking=\"SyntetycznyOpisZadania |Text\">Celem g\u0142\u00f3wnym zadania pt. &#8220;Nie taki las straszny&#8230;&#8221; jest wzrost wiedzy przyrodniczej oraz \u015bwiadomo\u015bci ekologicznej w\u015br\u00f3d dzieci i m\u0142odzie\u017cy z Gminy Wadowice. Realizacja zadania polega\u0107 b\u0119dzie na przeprowadzeniu 26 godzin warsztat\u00f3w edukacyjnych.<\/span><\/strong><\/p>\r\n<p><iframe loading=\"lazy\" style=\"border: none; overflow: hidden;\" src=\"https:\/\/www.facebook.com\/plugins\/video.php?height=314&amp;href=https%3A%2F%2Fwww.facebook.com%2Fstowarzyszenieficedula%2Fvideos%2F984671275975050%2F&amp;show_text=false&amp;width=560&amp;t=0\" width=\"560\" height=\"314\" frameborder=\"0\" scrolling=\"no\" allowfullscreen=\"allowfullscreen\"><\/iframe><\/p>\r\n<p><span class=\"editable-pre-wrapped\" data-checking=\"SyntetycznyOpisZadania |Text\">Podczas warsztat\u00f3w wyja\u015bnimy: w jaki spos\u00f3b bezpiecznie sp\u0119dza\u0107 czas w lesie, b\u0119d\u0105c przygotowanym na zmieniaj\u0105ce si\u0119 warunki atmosferyczne; jak zachowywa\u0107 si\u0119 w stosunku do napotkanych dzikich zwierz\u0105t; jak rozpozna\u0107 sytuacj\u0119, w kt\u00f3rej dzikie zwierz\u0119 potrzebuje pomocy cz\u0142owieka; jak podj\u0105\u0107 interwencj\u0119 w stosunku do dzikich zwierz\u0105t. Dodatkowo, porozmawiamy o zagro\u017ceniu ze strony dzikich zwierz\u0105t, mo\u017cliwo\u015bci przenoszenia chor\u00f3b, a tak\u017ce zachowaniach obronnych, kt\u00f3re trudno jest przewidzie\u0107. Obalone zostan\u0105 mity dotycz\u0105ce dzikich zwierz\u0105t, w tym mity dotycz\u0105ce wilk\u00f3w, s\u00f3w. <\/span><\/p>\r\n<figure id=\"attachment_1427\" aria-describedby=\"caption-attachment-1427\" style=\"width: 300px\" class=\"wp-caption alignnone\"><a href=\"http:\/\/ficedula.pl\/wp-content\/uploads\/2023\/03\/warsztaty_chocznia-e1678209710990.jpg\"><img loading=\"lazy\" decoding=\"async\" class=\"wp-image-1427 size-medium\" title=\"Warsztaty edukacyjne w szkole (Szko\u0142a Podstawowa nr 2 w Choczni)\" src=\"http:\/\/ficedula.pl\/wp-content\/uploads\/2023\/03\/warsztaty_chocznia-e1678209710990-300x225.jpg\" alt=\"Warsztaty edukacyjne w szkole (Szko\u0142a Podstawowa nr 2 w Choczni)\" width=\"300\" height=\"225\" srcset=\"https:\/\/ficedula.pl\/wp-content\/uploads\/2023\/03\/warsztaty_chocznia-e1678209710990-300x225.jpg 300w, https:\/\/ficedula.pl\/wp-content\/uploads\/2023\/03\/warsztaty_chocznia-e1678209710990-768x576.jpg 768w, https:\/\/ficedula.pl\/wp-content\/uploads\/2023\/03\/warsztaty_chocznia-e1678209710990.jpg 1000w\" sizes=\"auto, (max-width: 300px) 100vw, 300px\" \/><\/a><figcaption id=\"caption-attachment-1427\" class=\"wp-caption-text\">Warsztaty edukacyjne w szkole (Szko\u0142a Podstawowa nr 2 w Choczni)<\/figcaption><\/figure>\r\n<figure id=\"attachment_1750\" aria-describedby=\"caption-attachment-1750\" style=\"width: 300px\" class=\"wp-caption alignnone\"><a href=\"http:\/\/ficedula.pl\/wp-content\/uploads\/2025\/02\/przedszkole-e1738433599219.jpg\"><img loading=\"lazy\" decoding=\"async\" class=\"size-medium wp-image-1750\" src=\"http:\/\/ficedula.pl\/wp-content\/uploads\/2025\/02\/przedszkole-300x225.jpg\" alt=\"Warsztaty w przedszkolu (Przedszkole Publiczne nr 1 w Wadowicach)\" width=\"300\" height=\"225\" \/><\/a><figcaption id=\"caption-attachment-1750\" class=\"wp-caption-text\">Warsztaty w przedszkolu (Przedszkole Publiczne nr 1 w Wadowicach)<\/figcaption><\/figure>\r\n\r\n<p style=\"font-size: 14px;\">Projekt wsp\u00f3\u0142finansowany z \u015brodk\u00f3w Gminy Wadowice i Stowarzyszenia Ficedula.<\/p>\r\n\r\n\r\n\r\n<p style=\"font-size: 12px;\">Termin realizacji: 15.02.2023-31.12.2023.<\/p>","protected":false},"excerpt":{"rendered":"<p>Zadanie: Upowszechnienie w\u015br\u00f3d dzieci i m\u0142odzie\u017cy wiedzy na temat bezpiecze\u0144stwa w lesie i w kontakcie z dzikimi zwierz\u0119tami, kszta\u0142towanie w\u0142a\u015bciwych zachowa\u0144 w stosunku do dzikich zwierz\u0105t. Celem g\u0142\u00f3wnym zadania pt. &#8220;Nie taki las straszny&#8230;&#8221; jest wzrost wiedzy przyrodniczej oraz \u015bwiadomo\u015bci ekologicznej w\u015br\u00f3d dzieci i m\u0142odzie\u017cy z Gminy Wadowice. Realizacja zadania polega\u0107 b\u0119dzie na przeprowadzeniu 26 &hellip; <\/p>\n<p class=\"link-more\"><a href=\"https:\/\/ficedula.pl\/index.php\/nie-taki-las-straszny\/\" class=\"more-link\">Czytaj dalej<span class=\"screen-reader-text\"> \u201eNie taki las straszny&#8230;\u201d<\/span><\/a><\/p>\n","protected":false},"author":2,"featured_media":0,"parent":0,"menu_order":0,"comment_status":"closed","ping_status":"closed","template":"","meta":{"footnotes":""},"class_list":["post-1731","page","type-page","status-publish","hentry"],"_links":{"self":[{"href":"https:\/\/ficedula.pl\/index.php\/wp-json\/wp\/v2\/pages\/1731","targetHints":{"allow":["GET"]}}],"collection":[{"href":"https:\/\/ficedula.pl\/index.php\/wp-json\/wp\/v2\/pages"}],"about":[{"href":"https:\/\/ficedula.pl\/index.php\/wp-json\/wp\/v2\/types\/page"}],"author":[{"embeddable":true,"href":"https:\/\/ficedula.pl\/index.php\/wp-json\/wp\/v2\/users\/2"}],"replies":[{"embeddable":true,"href":"https:\/\/ficedula.pl\/index.php\/wp-json\/wp\/v2\/comments?post=1731"}],"version-history":[{"count":8,"href":"https:\/\/ficedula.pl\/index.php\/wp-json\/wp\/v2\/pages\/1731\/revisions"}],"predecessor-version":[{"id":1754,"href":"https:\/\/ficedula.pl\/index.php\/wp-json\/wp\/v2\/pages\/1731\/revisions\/1754"}],"wp:attachment":[{"href":"https:\/\/ficedula.pl\/index.php\/wp-json\/wp\/v2\/media?parent=1731"}],"curies":[{"name":"wp","href":"https:\/\/api.w.org\/{rel}","templated":true}]}}