{"id":669,"date":"2022-06-07T12:54:35","date_gmt":"2022-06-07T10:54:35","guid":{"rendered":"https:\/\/ficedula.pl\/?page_id=669"},"modified":"2025-02-01T18:12:05","modified_gmt":"2025-02-01T17:12:05","slug":"poznajemy-zapylacze-warsztaty-edukacyjne-dla-dzieci-i-mlodziezy","status":"publish","type":"page","link":"https:\/\/ficedula.pl\/index.php\/poznajemy-zapylacze-warsztaty-edukacyjne-dla-dzieci-i-mlodziezy\/","title":{"rendered":"Poznajemy zapylacze &#8211; warsztaty edukacyjne dla dzieci i m\u0142odzie\u017cy"},"content":{"rendered":"\r\n<p><em>Zadanie: <span class=\"editable-pre-wrapped\" data-checking=\"SyntetycznyOpisZadania |Text\">Upowszechnienie w\u015br\u00f3d dzieci i m\u0142odzie\u017cy znaczenia pszcz\u00f3\u0142 i dzikich owad\u00f3w zapylaj\u0105cych w produkcji ro\u015blinnej, zagro\u017ce\u0144 wynikaj\u0105cych ze stosowania \u015brodk\u00f3w ochrony ro\u015blin, a tak\u017ce promocji zdrowej \u017cywno\u015bci i produkt\u00f3w regionalnych.<\/span><\/em><\/p>\r\n<p><strong>Co to s\u0105 zapylacze? Czy zapylacze s\u0105 wa\u017cne? Czy nale\u017cy o nie dba\u0107? Jak mo\u017cemy pom\u00f3c naszym ma\u0142ym przyjacio\u0142om? Na te i wiele innych pyta\u0144 spr\u00f3bowali\u015bmy odpowiedzie\u0107 \u00a0dzieciom w wieku przedszkolnym oraz uczniom szk\u00f3\u0142 podstawowych z gminy Wadowice w ramach projektu \u201ePoznajemy zapylacze-warsztaty edukacyjne dla dzieci i m\u0142odzie\u017cy\u201d wsp\u00f3\u0142finansowanego ze \u015brodk\u00f3w Gminy Wadowice i Stowarzyszenia Ficedula.<\/strong><\/p>\r\n\r\n\r\n\r\n<p>Niezwykle zainteresowani s\u0142uchacze, ich pomys\u0142owo\u015b\u0107 oraz nasze wsparcie merytoryczne, wspaniale si\u0119 uzupe\u0142nia\u0142o na zaj\u0119ciach pe\u0142nych wra\u017ce\u0144. Wszyscy uczestnicy projektu otrzymali paczuszk\u0119 z nasionami ro\u015blin miododajnych, a dodatkowo starsze klasy mia\u0142y za zadanie posk\u0142ada\u0107 hotel dla dzikich zapylaczy, kt\u00f3ry docelowo mia\u0142 si\u0119 znale\u017a\u0107 w przyszkolnym \u201edzikim zak\u0105tku\u201d.<\/p>\r\n\r\n\r\n\r\n<p class=\"has-black-color has-text-color\"><strong><mark class=\"has-inline-color has-black-color\" style=\"background-color: rgba(0, 0, 0, 0);\">Pisz\u0105 o projekcie:<\/mark><\/strong><\/p>\r\n\r\n\r\n\r\n<ul>\r\n<li><a href=\"https:\/\/www.facebook.com\/permalink.php?story_fbid=pfbid0tDwhEJXpYGKnhDCaxQWvPJQUpNuRhYYx2qbDZ6jxwYqyaSDrVD23p6KXSEE1RhjDl&amp;id=100057481178606\" target=\"_blank\" rel=\"noreferrer noopener\" data-type=\"URL\" data-id=\"https:\/\/www.facebook.com\/permalink.php?story_fbid=pfbid0tDwhEJXpYGKnhDCaxQWvPJQUpNuRhYYx2qbDZ6jxwYqyaSDrVD23p6KXSEE1RhjDl&amp;id=100057481178606\">Szko\u0142a Podstawowa nr 5 w Wadowicach <\/a>\r\n\r\n<\/li>\r\n<li><a href=\"http:\/\/przedszkole3wadowice.pl\/lekcja-o-pszczolach\" target=\"_blank\" rel=\"noreferrer noopener\" data-type=\"URL\" data-id=\"http:\/\/przedszkole3wadowice.pl\/lekcja-o-pszczolach\">Przedszkole nr 3 w Wadowicach<\/a>\r\n\r\n<\/li>\r\n<li><a href=\"https:\/\/www.facebook.com\/SPnr2Wadowice\/posts\/pfbid02mRNDgqmvupkEqWUALjTzRNUk7zvCWdkLqpX4mqmBQuw3Mn8P6AJ7vfhVKCTRnUktl\" target=\"_blank\" rel=\"noreferrer noopener\" data-type=\"URL\" data-id=\"https:\/\/www.facebook.com\/SPnr2Wadowice\/posts\/pfbid02mRNDgqmvupkEqWUALjTzRNUk7zvCWdkLqpX4mqmBQuw3Mn8P6AJ7vfhVKCTRnUktl\">Szko\u0142a Podstawowa nr 2 w Wadowicach<\/a><\/li>\r\n<\/ul>\r\n\r\n\r\n\r\n<p>Wybrane zdj\u0119cia z realizacji projektu:<\/p>\r\n\r\n\r\n\r\n<figure class=\"wp-block-image size-large\"><img loading=\"lazy\" decoding=\"async\" width=\"1024\" height=\"768\" class=\"wp-image-802\" src=\"https:\/\/ficedula.pl\/wp-content\/uploads\/2022\/08\/IMG_20220520_104948-1024x768.jpg\" alt=\"\" srcset=\"https:\/\/ficedula.pl\/wp-content\/uploads\/2022\/08\/IMG_20220520_104948-1024x768.jpg 1024w, https:\/\/ficedula.pl\/wp-content\/uploads\/2022\/08\/IMG_20220520_104948-300x225.jpg 300w, https:\/\/ficedula.pl\/wp-content\/uploads\/2022\/08\/IMG_20220520_104948-768x576.jpg 768w, https:\/\/ficedula.pl\/wp-content\/uploads\/2022\/08\/IMG_20220520_104948-1536x1152.jpg 1536w, https:\/\/ficedula.pl\/wp-content\/uploads\/2022\/08\/IMG_20220520_104948-2048x1536.jpg 2048w\" sizes=\"auto, (max-width: 767px) 89vw, (max-width: 1000px) 54vw, (max-width: 1071px) 543px, 580px\" \/>\r\n<figcaption class=\"wp-element-caption\">Om\u00f3wienie budowy cia\u0142a pszczo\u0142y &#8211; najpierw teoria.<\/figcaption>\r\n<\/figure>\r\n\r\n\r\n\r\n<p>&nbsp;<\/p>\r\n\r\n\r\n\r\n<figure class=\"wp-block-image size-large\"><img loading=\"lazy\" decoding=\"async\" width=\"768\" height=\"1024\" class=\"wp-image-805\" src=\"https:\/\/ficedula.pl\/wp-content\/uploads\/2022\/08\/IMG_20220516_100353-768x1024.jpg\" alt=\"\" srcset=\"https:\/\/ficedula.pl\/wp-content\/uploads\/2022\/08\/IMG_20220516_100353-768x1024.jpg 768w, https:\/\/ficedula.pl\/wp-content\/uploads\/2022\/08\/IMG_20220516_100353-225x300.jpg 225w, https:\/\/ficedula.pl\/wp-content\/uploads\/2022\/08\/IMG_20220516_100353-1152x1536.jpg 1152w, https:\/\/ficedula.pl\/wp-content\/uploads\/2022\/08\/IMG_20220516_100353-1536x2048.jpg 1536w, https:\/\/ficedula.pl\/wp-content\/uploads\/2022\/08\/IMG_20220516_100353-scaled.jpg 1920w\" sizes=\"auto, (max-width: 767px) 89vw, (max-width: 1000px) 54vw, (max-width: 1071px) 543px, 580px\" \/>\r\n<figcaption class=\"wp-element-caption\">Pyta\u0144 by\u0142o co nie miara&#8230;<\/figcaption>\r\n<\/figure>\r\n\r\n\r\n\r\n<figure class=\"wp-block-image size-large\"><img loading=\"lazy\" decoding=\"async\" width=\"768\" height=\"1024\" class=\"wp-image-807\" src=\"https:\/\/ficedula.pl\/wp-content\/uploads\/2022\/08\/IMG_20220517_090219-768x1024.jpg\" alt=\"\" srcset=\"https:\/\/ficedula.pl\/wp-content\/uploads\/2022\/08\/IMG_20220517_090219-768x1024.jpg 768w, https:\/\/ficedula.pl\/wp-content\/uploads\/2022\/08\/IMG_20220517_090219-225x300.jpg 225w, https:\/\/ficedula.pl\/wp-content\/uploads\/2022\/08\/IMG_20220517_090219-1152x1536.jpg 1152w, https:\/\/ficedula.pl\/wp-content\/uploads\/2022\/08\/IMG_20220517_090219-1536x2048.jpg 1536w, https:\/\/ficedula.pl\/wp-content\/uploads\/2022\/08\/IMG_20220517_090219-scaled.jpg 1920w\" sizes=\"auto, (max-width: 767px) 89vw, (max-width: 1000px) 54vw, (max-width: 1071px) 543px, 580px\" \/>\r\n<figcaption class=\"wp-element-caption\">Najm\u0142odsi bawili si\u0119 w zbieraj\u0105ce py\u0142ek dzikie zapylacze.<\/figcaption>\r\n<\/figure>\r\n\r\n\r\n\r\n<figure class=\"wp-block-image size-large\"><img loading=\"lazy\" decoding=\"async\" width=\"768\" height=\"1024\" class=\"wp-image-808\" src=\"https:\/\/ficedula.pl\/wp-content\/uploads\/2022\/08\/281158890_2476549449149332_2652996799177817534_n-768x1024.jpg\" alt=\"\" srcset=\"https:\/\/ficedula.pl\/wp-content\/uploads\/2022\/08\/281158890_2476549449149332_2652996799177817534_n-768x1024.jpg 768w, https:\/\/ficedula.pl\/wp-content\/uploads\/2022\/08\/281158890_2476549449149332_2652996799177817534_n-225x300.jpg 225w, https:\/\/ficedula.pl\/wp-content\/uploads\/2022\/08\/281158890_2476549449149332_2652996799177817534_n-1152x1536.jpg 1152w, https:\/\/ficedula.pl\/wp-content\/uploads\/2022\/08\/281158890_2476549449149332_2652996799177817534_n.jpg 1500w\" sizes=\"auto, (max-width: 767px) 89vw, (max-width: 1000px) 54vw, (max-width: 1071px) 543px, 580px\" \/>\r\n<figcaption class=\"wp-element-caption\">Podgl\u0105danie owad\u00f3w z bliska cieszy\u0142o si\u0119 najwi\u0119kszym zainteresowaniem w\u015br\u00f3d uczni\u00f3w.<\/figcaption>\r\n<\/figure>\r\n\r\n\r\n\r\n<p>&nbsp;<\/p>\r\n\r\n\r\n\r\n<p style=\"font-size: 14px;\">Projekt wsp\u00f3\u0142finansowany z \u015brodk\u00f3w Gminy Wadowice i Stowarzyszenia Ficedula.<\/p>\r\n\r\n\r\n\r\n<p style=\"font-size: 12px;\">Termin realizacji: 15.02.2022-31.12.2022<\/p>\r\n\r\n\r\n","protected":false},"excerpt":{"rendered":"<p>Zadanie: Upowszechnienie w\u015br\u00f3d dzieci i m\u0142odzie\u017cy znaczenia pszcz\u00f3\u0142 i dzikich owad\u00f3w zapylaj\u0105cych w produkcji ro\u015blinnej, zagro\u017ce\u0144 wynikaj\u0105cych ze stosowania \u015brodk\u00f3w ochrony ro\u015blin, a tak\u017ce promocji zdrowej \u017cywno\u015bci i produkt\u00f3w regionalnych. Co to s\u0105 zapylacze? Czy zapylacze s\u0105 wa\u017cne? Czy nale\u017cy o nie dba\u0107? Jak mo\u017cemy pom\u00f3c naszym ma\u0142ym przyjacio\u0142om? Na te i wiele innych pyta\u0144 &hellip; <\/p>\n<p class=\"link-more\"><a href=\"https:\/\/ficedula.pl\/index.php\/poznajemy-zapylacze-warsztaty-edukacyjne-dla-dzieci-i-mlodziezy\/\" class=\"more-link\">Czytaj dalej<span class=\"screen-reader-text\"> \u201ePoznajemy zapylacze &#8211; warsztaty edukacyjne dla dzieci i m\u0142odzie\u017cy\u201d<\/span><\/a><\/p>\n","protected":false},"author":2,"featured_media":809,"parent":0,"menu_order":0,"comment_status":"closed","ping_status":"closed","template":"","meta":{"footnotes":""},"class_list":["post-669","page","type-page","status-publish","has-post-thumbnail","hentry"],"_links":{"self":[{"href":"https:\/\/ficedula.pl\/index.php\/wp-json\/wp\/v2\/pages\/669","targetHints":{"allow":["GET"]}}],"collection":[{"href":"https:\/\/ficedula.pl\/index.php\/wp-json\/wp\/v2\/pages"}],"about":[{"href":"https:\/\/ficedula.pl\/index.php\/wp-json\/wp\/v2\/types\/page"}],"author":[{"embeddable":true,"href":"https:\/\/ficedula.pl\/index.php\/wp-json\/wp\/v2\/users\/2"}],"replies":[{"embeddable":true,"href":"https:\/\/ficedula.pl\/index.php\/wp-json\/wp\/v2\/comments?post=669"}],"version-history":[{"count":7,"href":"https:\/\/ficedula.pl\/index.php\/wp-json\/wp\/v2\/pages\/669\/revisions"}],"predecessor-version":[{"id":1702,"href":"https:\/\/ficedula.pl\/index.php\/wp-json\/wp\/v2\/pages\/669\/revisions\/1702"}],"wp:featuredmedia":[{"embeddable":true,"href":"https:\/\/ficedula.pl\/index.php\/wp-json\/wp\/v2\/media\/809"}],"wp:attachment":[{"href":"https:\/\/ficedula.pl\/index.php\/wp-json\/wp\/v2\/media?parent=669"}],"curies":[{"name":"wp","href":"https:\/\/api.w.org\/{rel}","templated":true}]}}