{"id":672,"date":"2022-06-07T12:57:00","date_gmt":"2022-06-07T10:57:00","guid":{"rendered":"https:\/\/ficedula.pl\/?page_id=672"},"modified":"2025-02-01T18:27:10","modified_gmt":"2025-02-01T17:27:10","slug":"uzaleznieni-od-przyrody","status":"publish","type":"page","link":"https:\/\/ficedula.pl\/index.php\/uzaleznieni-od-przyrody\/","title":{"rendered":"Uzale\u017cnieni od przyrody!"},"content":{"rendered":"\r\n<p><em>Zadanie pt. \u201eUzale\u017cnieni od przyrody! &#8211; edycja II\u201d to cykl warsztat\u00f3w profilaktycznych opracowanych z psychologiem maj\u0105cych na celu przeciwdzia\u0142anie uzale\u017cnieniom i patologiom spo\u0142ecznym.<\/em><\/p>\r\n<p><strong>Jak zaciekawi\u0107 dziecko przyrod\u0105? Jak sprawi\u0107, aby najm\u0142odsi chcieli wyj\u015b\u0107 do lasu czy parku? W tym projekcie staramy si\u0119 uwra\u017cliwi\u0107 naszych najm\u0142odszych odbiorc\u00f3w oraz ca\u0142e rodziny na otaczaj\u0105c\u0105 nas natur\u0119. Chcemy pokaza\u0107, \u017ce obcowanie z przyrod\u0105, mo\u017ce by\u0107 alternatywn\u0105 form\u0105 sp\u0119dzania wolnego czasu, odci\u0105gaj\u0105c\u0105 od u\u017cywek.<\/strong><\/p>\r\n\r\n\r\n\r\n<p lang=\"en-US\" style=\"text-align: left;\" align=\"justify\"><span lang=\"pl-PL\">Motywem przewodnim aktywno\u015bci podejmowanych w ramach zadania jest obcowanie z przyrod\u0105. Czas sp\u0119dzony na \u0142onie natury pozytywnie wp\u0142ywa na samopoczucie, jednocze\u015bnie zmniejszaj\u0105c poczucie samotno\u015bci i przygn\u0119bienia. Projekt ma na celu wskazanie poznawania i czerpnia z przyrody jako alternatywnej formy sp\u0119dzania wolnego czasu. <\/span><span lang=\"pl-PL\">Obcowanie z przyrod\u0105, sp\u0119dzanie wolnego czasu na \u0142onie natury, stanowi lekarstwo na wiele dolegliwo\u015bci, takich jak depresja, stany nerwicowe. Dodatkowo, odkrywanie przyrody jest dla wielu m\u0142odych ludzi pasj\u0105 i aktywn\u0105 form\u0105 sp\u0119dzania wolnego czasu.<\/span><\/p>\r\n<div id='gallery-1' class='gallery galleryid-672 gallery-columns-2 gallery-size-thumbnail'><figure class='gallery-item'>\n\t\t\t<div class='gallery-icon portrait'>\n\t\t\t\t<a href='https:\/\/ficedula.pl\/wp-content\/uploads\/2022\/11\/316689154_2960710547571842_1966294466488364280_n.jpg'><img loading=\"lazy\" decoding=\"async\" width=\"150\" height=\"150\" src=\"https:\/\/ficedula.pl\/wp-content\/uploads\/2022\/11\/316689154_2960710547571842_1966294466488364280_n-150x150.jpg\" class=\"attachment-thumbnail size-thumbnail\" alt=\"\" aria-describedby=\"gallery-1-1333\" srcset=\"https:\/\/ficedula.pl\/wp-content\/uploads\/2022\/11\/316689154_2960710547571842_1966294466488364280_n-150x150.jpg 150w, https:\/\/ficedula.pl\/wp-content\/uploads\/2022\/11\/316689154_2960710547571842_1966294466488364280_n-250x250.jpg 250w\" sizes=\"auto, 100vw\" \/><\/a>\n\t\t\t<\/div>\n\t\t\t\t<figcaption class='wp-caption-text gallery-caption' id='gallery-1-1333'>\n\t\t\t\tWarsztaty o owadach zapylaj\u0105cych\n\t\t\t\t<\/figcaption><\/figure><figure class='gallery-item'>\n\t\t\t<div class='gallery-icon landscape'>\n\t\t\t\t<a href='https:\/\/ficedula.pl\/wp-content\/uploads\/2022\/09\/spacer_jeleniow_30.08.2022_3.jpg'><img loading=\"lazy\" decoding=\"async\" width=\"150\" height=\"150\" src=\"https:\/\/ficedula.pl\/wp-content\/uploads\/2022\/09\/spacer_jeleniow_30.08.2022_3-150x150.jpg\" class=\"attachment-thumbnail size-thumbnail\" alt=\"\" aria-describedby=\"gallery-1-836\" srcset=\"https:\/\/ficedula.pl\/wp-content\/uploads\/2022\/09\/spacer_jeleniow_30.08.2022_3-150x150.jpg 150w, https:\/\/ficedula.pl\/wp-content\/uploads\/2022\/09\/spacer_jeleniow_30.08.2022_3-250x250.jpg 250w\" sizes=\"auto, 100vw\" \/><\/a>\n\t\t\t<\/div>\n\t\t\t\t<figcaption class='wp-caption-text gallery-caption' id='gallery-1-836'>\n\t\t\t\tObserwacja kruka &#8211; warsztaty terenowe\n\t\t\t\t<\/figcaption><\/figure>\n\t\t<\/div>\n\r\n\r\n\r\n\r\n\r\n\r\n<p lang=\"en-US\" align=\"justify\"><span lang=\"pl-PL\">Aktywno\u015bci podejmowane w ramach zadania s\u0105 dedykowane uczniom szk\u00f3\u0142 podstawowych, rodzicom, nauczycielom oraz mieszka\u0144com Miasta i Gminy Nowa S\u0142upia<\/span>.<\/p>\r\n\r\n\r\n\r\n<p style=\"font-size: 14px;\">Projekt finansowany ze \u015brodk\u00f3w Gminy Nowa S\u0142upia.<\/p>\r\n\r\n\r\n\r\n<p style=\"font-size: 12px;\">Termin realizcji: 01.05.2022-31.10.2022<\/p>\r\n","protected":false},"excerpt":{"rendered":"<p>Zadanie pt. \u201eUzale\u017cnieni od przyrody! &#8211; edycja II\u201d to cykl warsztat\u00f3w profilaktycznych opracowanych z psychologiem maj\u0105cych na celu przeciwdzia\u0142anie uzale\u017cnieniom i patologiom spo\u0142ecznym. Jak zaciekawi\u0107 dziecko przyrod\u0105? Jak sprawi\u0107, aby najm\u0142odsi chcieli wyj\u015b\u0107 do lasu czy parku? W tym projekcie staramy si\u0119 uwra\u017cliwi\u0107 naszych najm\u0142odszych odbiorc\u00f3w oraz ca\u0142e rodziny na otaczaj\u0105c\u0105 nas natur\u0119. Chcemy pokaza\u0107, &hellip; <\/p>\n<p class=\"link-more\"><a href=\"https:\/\/ficedula.pl\/index.php\/uzaleznieni-od-przyrody\/\" class=\"more-link\">Czytaj dalej<span class=\"screen-reader-text\"> \u201eUzale\u017cnieni od przyrody!\u201d<\/span><\/a><\/p>\n","protected":false},"author":2,"featured_media":0,"parent":0,"menu_order":0,"comment_status":"closed","ping_status":"closed","template":"","meta":{"footnotes":""},"class_list":["post-672","page","type-page","status-publish","hentry"],"_links":{"self":[{"href":"https:\/\/ficedula.pl\/index.php\/wp-json\/wp\/v2\/pages\/672","targetHints":{"allow":["GET"]}}],"collection":[{"href":"https:\/\/ficedula.pl\/index.php\/wp-json\/wp\/v2\/pages"}],"about":[{"href":"https:\/\/ficedula.pl\/index.php\/wp-json\/wp\/v2\/types\/page"}],"author":[{"embeddable":true,"href":"https:\/\/ficedula.pl\/index.php\/wp-json\/wp\/v2\/users\/2"}],"replies":[{"embeddable":true,"href":"https:\/\/ficedula.pl\/index.php\/wp-json\/wp\/v2\/comments?post=672"}],"version-history":[{"count":7,"href":"https:\/\/ficedula.pl\/index.php\/wp-json\/wp\/v2\/pages\/672\/revisions"}],"predecessor-version":[{"id":1705,"href":"https:\/\/ficedula.pl\/index.php\/wp-json\/wp\/v2\/pages\/672\/revisions\/1705"}],"wp:attachment":[{"href":"https:\/\/ficedula.pl\/index.php\/wp-json\/wp\/v2\/media?parent=672"}],"curies":[{"name":"wp","href":"https:\/\/api.w.org\/{rel}","templated":true}]}}