{"id":848,"date":"2022-09-06T11:45:58","date_gmt":"2022-09-06T09:45:58","guid":{"rendered":"http:\/\/ficedula.pl\/?page_id=848"},"modified":"2022-10-22T12:15:31","modified_gmt":"2022-10-22T10:15:31","slug":"przyroda-beskidow-przystanek-9","status":"publish","type":"page","link":"https:\/\/ficedula.pl\/index.php\/przyroda-beskidow-przystanek-9\/","title":{"rendered":"Przyroda Beskid\u00f3w &#8211; Przystanek 9: Martwe drewno"},"content":{"rendered":"\n<p><strong>Stare drzewa, kt\u00f3re osi\u0105gaj\u0105 niebywa\u0142e rozmiary oraz drzewa obumieraj\u0105ce i martwe s\u0105 cennym elementem ka\u017cdego ekosystemu le\u015bnego. Szacuje si\u0119, \u017ce ponad 1\/3 z wszystkich gatunk\u00f3w ro\u015blin, zwierz\u0105t i grzyb\u00f3w wyst\u0119puj\u0105cych w lasach jest zwi\u0105zana z obecno\u015bci\u0105 martwego drewna i drzew wiekowych.<\/strong><\/p>\n\n\n\n<figure class=\"wp-block-image size-large\"><img loading=\"lazy\" decoding=\"async\" width=\"1024\" height=\"768\" src=\"https:\/\/ficedula.pl\/wp-content\/uploads\/2022\/06\/stary-buk-1024x768.jpg\" alt=\"\" class=\"wp-image-772\" srcset=\"https:\/\/ficedula.pl\/wp-content\/uploads\/2022\/06\/stary-buk-1024x768.jpg 1024w, https:\/\/ficedula.pl\/wp-content\/uploads\/2022\/06\/stary-buk-300x225.jpg 300w, https:\/\/ficedula.pl\/wp-content\/uploads\/2022\/06\/stary-buk-768x576.jpg 768w, https:\/\/ficedula.pl\/wp-content\/uploads\/2022\/06\/stary-buk-1536x1152.jpg 1536w, https:\/\/ficedula.pl\/wp-content\/uploads\/2022\/06\/stary-buk.jpg 2048w\" sizes=\"auto, (max-width: 767px) 89vw, (max-width: 1000px) 54vw, (max-width: 1071px) 543px, 580px\" \/><figcaption>Martwy buk zasiedlony przez huby. Gorcza\u0144ski Park Narodowy (fot. Jakub Wyka)<\/figcaption><\/figure>\n\n\n\n<p>Martwe drewno to okre\u015blenie rozk\u0142adaj\u0105cego si\u0119 drewna martwych drzew i krzew\u00f3w. Drewno samo w sobie jest tkank\u0105 martw\u0105, kt\u00f3ra buduje drzewa i krzewy. Jednak kiedy drzewa, b\u0105d\u017a ich cz\u0119\u015bci zamieraj\u0105, rozpoczyna si\u0119 rozk\u0142ad drewna, wtedy mo\u017cemy m\u00f3wi\u0107 o martwym drewnie. Nale\u017cy tu podkre\u015bli\u0107 ogromn\u0105 rol\u0119 przede wszystkim grzyb\u00f3w, ale r\u00f3wnie\u017c bakterii i bezkr\u0119gowc\u00f3w. Powy\u017csze organizmy rozk\u0142adaj\u0105 drewno i przywracaj\u0105 pierwiastki do ponownego obiegu. <\/p>\n\n\n\n<p>W jaki spos\u00f3b powstaje martwe drewno? Las to ci\u0105g\u0142a rywalizacja. Wzrastaj\u0105ce drzewa rywalizuj\u0105 ze sob\u0105 o dost\u0119p do \u015bwiat\u0142a, wody i sk\u0142adnik\u00f3w od\u017cywczych. Szybciej rosn\u0105ce osobniki zag\u0142uszaj\u0105 te, kt\u00f3re wzrastaj\u0105 wolniej, doprowadzaj\u0105c do ich \u015bmierci. Wraz ze wzrostem drzewa, do najni\u017cej rosn\u0105cych ga\u0142\u0119zi dociera coraz mniej \u015bwiat\u0142a &#8211; te ga\u0142\u0119zie s\u0105 skazane na zamarcie. St\u0105d korony du\u017cych drzew zaczynaj\u0105 si\u0119 wysoko, ponad naszymi g\u0142owami. Ponadto, na drzewa i drzewostany dzia\u0142aj\u0105 czynniki zewn\u0119trzne, takie jak susza, huraganowe wiatry, po\u017cary, gradacje owad\u00f3w, d\u0142ugotrwa\u0142e podtopienia (dostarczaj\u0105 martwego drewna w du\u017cych ilo\u015bciach) oraz uderzenia piorun\u00f3w, zgryzy bobr\u00f3w (z regu\u0142y dostarczaj\u0105 pojedynczych martwych drzew).<\/p>\n\n\n\n<figure class=\"wp-block-image size-full\"><img loading=\"lazy\" decoding=\"async\" width=\"467\" height=\"700\" src=\"https:\/\/ficedula.pl\/wp-content\/uploads\/2022\/10\/dzieciol_trojpalczasty.jpg\" alt=\"\" class=\"wp-image-1158\" srcset=\"https:\/\/ficedula.pl\/wp-content\/uploads\/2022\/10\/dzieciol_trojpalczasty.jpg 467w, https:\/\/ficedula.pl\/wp-content\/uploads\/2022\/10\/dzieciol_trojpalczasty-200x300.jpg 200w\" sizes=\"auto, (max-width: 467px) 100vw, 467px\" \/><figcaption>Dzi\u0119cio\u0142 tr\u00f3jpalczasty zamieszkuje g\u00f3rnoreglowe \u015bwierczyny (fot. Jakub Wyka)<\/figcaption><\/figure>\n\n\n\n<p>Od obecno\u015bci i ilo\u015bci martwego drewna w lesie, uzale\u017cnione jest wyst\u0119powanie wielu gatunk\u00f3w zwierz\u0105t. Gatunkami wska\u017anikowymi, kt\u00f3re wyst\u0119puj\u0105 w lasach zasobnych w martwe drewno, s\u0105 np. niekt\u00f3re gatunki dzi\u0119cio\u0142\u00f3w (dzi\u0119cio\u0142 tr\u00f3jpalczasty i dzi\u0119cio\u0142 bia\u0142ogrzbiety), niekt\u00f3re gatunki s\u00f3w (np. s\u00f3weczka, w\u0142ochatka), a tak\u017ce niekt\u00f3re gatunki owad\u00f3w (np. widoczna na zdj\u0119ciu poni\u017cej nadobnica alpejska). Organizmy te w wi\u0119kszo\u015bci las\u00f3w gospodarczych stanowi\u0105 rzadko\u015b\u0107, obecne s\u0105 natomiast w lasach, kt\u00f3re obfituj\u0105 w drewno martwych drzew. Mo\u017cna je okre\u015bli\u0107 mianem<strong> gatunk\u00f3w parasolowych<\/strong> &#8211; ich ochrona, a wi\u0119c ochrona ich miejsc wyst\u0119powania, przynosi korzy\u015b\u0107 wielu innym gatunkom. Dla niekt\u00f3rych z organizm\u00f3w, wymagana jest nie tylko odpowiednia ilo\u015b\u0107 martwego drewna, ale tak\u017ce jego jako\u015b\u0107, st\u0105d istotne jest pozostawianie grubych, starych drzew do naturalnego rozk\u0142adu.<\/p>\n\n\n\n<figure class=\"wp-block-image size-large\"><img loading=\"lazy\" decoding=\"async\" width=\"1024\" height=\"768\" src=\"http:\/\/ficedula.pl\/wp-content\/uploads\/2022\/06\/Nadobnica-alpejska-Rosalia-alpina-1m-1024x768.jpg\" alt=\"\" class=\"wp-image-743\" srcset=\"https:\/\/ficedula.pl\/wp-content\/uploads\/2022\/06\/Nadobnica-alpejska-Rosalia-alpina-1m-1024x768.jpg 1024w, https:\/\/ficedula.pl\/wp-content\/uploads\/2022\/06\/Nadobnica-alpejska-Rosalia-alpina-1m-300x225.jpg 300w, https:\/\/ficedula.pl\/wp-content\/uploads\/2022\/06\/Nadobnica-alpejska-Rosalia-alpina-1m-768x576.jpg 768w, https:\/\/ficedula.pl\/wp-content\/uploads\/2022\/06\/Nadobnica-alpejska-Rosalia-alpina-1m.jpg 1200w\" sizes=\"auto, (max-width: 767px) 89vw, (max-width: 1000px) 54vw, (max-width: 1071px) 543px, 580px\" \/><figcaption>Nadobnica alpejska (fot. Jakub Wyka)<\/figcaption><\/figure>\n\n\n\n<p>Lasy gospodarcze i lasy wzrastaj\u0105ce na terenach chronionych zdecydowanie r\u00f3\u017cni\u0105 si\u0119 pomi\u0119dzy sob\u0105 je\u015bli chodzi o zasoby martwego drewna. W wi\u0119kszo\u015bci przypadk\u00f3w, w lasach gospodarczych jest od kilku m<sup>3<\/sup>\/ha do nawet ponad 20 m<sup>3<\/sup>\/ha w lasach Bieszczad\u00f3w i Beskidu Niskiego. Na obszarach chronionych, takich jak parki narodowe i rezerwaty, ilo\u015b\u0107 martwego drewna mo\u017ce by\u0107 ponad czterokrotnie, a nawet pi\u0119ciokrotnie wy\u017csza. Zwi\u0105zane jest to ze sposobem gospodarowania na obszarach chronionych, gdzie w wi\u0119kszo\u015bci przypadk\u00f3w drzewa nie s\u0105 \u015bcinane, a pozostawiane do naturalnej \u015bmierci. Wi\u0119cej o obszarach chronionych w Beskidach b\u0119dzie mo\u017cna przeczyta\u0107 na przystanku nr 10.<\/p>\n\n\n\n<p>Zachowanie starych drzew i rozk\u0142adaj\u0105cego si\u0119 drewna jest niezb\u0119dne do prawid\u0142owego funkcjonowania lasu. Wyobra\u017amy sobie beskidzki las, w kt\u00f3rym nie ma miejsca dla dzi\u0119cio\u0142a (wyszukuj\u0105 owady w zamieraj\u0105cych i martwych drzewach), s\u00f3weczki (gniazduje w dziuplach martwych stoj\u0105cych drzew) czy rysia (poluje z zaczajenia z wykorzystaniem le\u017c\u0105cych martwych drzew). Bez obecno\u015bci martwego drewna i zwi\u0105zanych z nim organizm\u00f3w, las by\u0142by cichszym i ubo\u017cszym miejscem.<\/p>\n\n\n\n<p><\/p>\n\n\n\n<p><strong>Literatura uzupe\u0142niaj\u0105ca:<\/strong><\/p>\n\n\n\n<ul class=\"wp-block-list\"><li>By dowiedzie\u0107 si\u0119 wi\u0119cej o roli martwego drewna polecamy ksi\u0105\u017ck\u0119 <a rel=\"noreferrer noopener\" href=\"https:\/\/www.wwf.pl\/sites\/default\/files\/2022-04\/drugie-zycie-drzewa-03-2022.pdf\" data-type=\"URL\" data-id=\"https:\/\/www.wwf.pl\/sites\/default\/files\/2022-04\/drugie-zycie-drzewa-03-2022.pdf\" target=\"_blank\">&#8220;Drugie \u017cycie drzewa&#8221;<\/a> wydan\u0105 przez Fundacj\u0119 WWF Polska. <\/li><\/ul>\n\n\n\n<p><\/p>\n\n\n\n<p class=\"has-white-color has-text-color\">_<\/p>\n\n\n\n<figure class=\"wp-block-image size-full\"><img loading=\"lazy\" decoding=\"async\" width=\"1000\" height=\"125\" src=\"https:\/\/ficedula.pl\/wp-content\/uploads\/2022\/09\/logo_karpackie_inicjatywy_lokalne.jpg\" alt=\"\" class=\"wp-image-892\" srcset=\"https:\/\/ficedula.pl\/wp-content\/uploads\/2022\/09\/logo_karpackie_inicjatywy_lokalne.jpg 1000w, https:\/\/ficedula.pl\/wp-content\/uploads\/2022\/09\/logo_karpackie_inicjatywy_lokalne-300x38.jpg 300w, https:\/\/ficedula.pl\/wp-content\/uploads\/2022\/09\/logo_karpackie_inicjatywy_lokalne-768x96.jpg 768w\" sizes=\"auto, (max-width: 767px) 89vw, (max-width: 1000px) 54vw, (max-width: 1071px) 543px, 580px\" \/><\/figure>\n\n\n\n<p style=\"font-size:10px\">Inicjatywa &#8220;Poznajemy przyrod\u0119 Beskid\u00f3w&#8221; finansowana ze \u015brodk\u00f3w otrzymanych od Narodowego Instytutu Wolno\u015bci &#8211; Centrum Rozwoju Spo\u0142ecze\u0144stwa Obywatelskiego w ramach Rz\u0105dowego Programu Fundusz Inicjatyw Obywatelskich NOWEFIO na lata 2021-2030 za po\u015brednictwem Stowarzyszenia na Rzecz Rozwoju i Promocji Podkarpacia \u201ePro Carpathia\u201d.<\/p>\n","protected":false},"excerpt":{"rendered":"<p>Stare drzewa, kt\u00f3re osi\u0105gaj\u0105 niebywa\u0142e rozmiary oraz drzewa obumieraj\u0105ce i martwe s\u0105 cennym elementem ka\u017cdego ekosystemu le\u015bnego. Szacuje si\u0119, \u017ce ponad 1\/3 z wszystkich gatunk\u00f3w ro\u015blin, zwierz\u0105t i grzyb\u00f3w wyst\u0119puj\u0105cych w lasach jest zwi\u0105zana z obecno\u015bci\u0105 martwego drewna i drzew wiekowych. Martwe drewno to okre\u015blenie rozk\u0142adaj\u0105cego si\u0119 drewna martwych drzew i krzew\u00f3w. Drewno samo w &hellip; <\/p>\n<p class=\"link-more\"><a href=\"https:\/\/ficedula.pl\/index.php\/przyroda-beskidow-przystanek-9\/\" class=\"more-link\">Czytaj dalej<span class=\"screen-reader-text\"> \u201ePrzyroda Beskid\u00f3w &#8211; Przystanek 9: Martwe drewno\u201d<\/span><\/a><\/p>\n","protected":false},"author":1,"featured_media":0,"parent":0,"menu_order":0,"comment_status":"closed","ping_status":"closed","template":"","meta":{"footnotes":""},"class_list":["post-848","page","type-page","status-publish","hentry"],"_links":{"self":[{"href":"https:\/\/ficedula.pl\/index.php\/wp-json\/wp\/v2\/pages\/848","targetHints":{"allow":["GET"]}}],"collection":[{"href":"https:\/\/ficedula.pl\/index.php\/wp-json\/wp\/v2\/pages"}],"about":[{"href":"https:\/\/ficedula.pl\/index.php\/wp-json\/wp\/v2\/types\/page"}],"author":[{"embeddable":true,"href":"https:\/\/ficedula.pl\/index.php\/wp-json\/wp\/v2\/users\/1"}],"replies":[{"embeddable":true,"href":"https:\/\/ficedula.pl\/index.php\/wp-json\/wp\/v2\/comments?post=848"}],"version-history":[{"count":11,"href":"https:\/\/ficedula.pl\/index.php\/wp-json\/wp\/v2\/pages\/848\/revisions"}],"predecessor-version":[{"id":1161,"href":"https:\/\/ficedula.pl\/index.php\/wp-json\/wp\/v2\/pages\/848\/revisions\/1161"}],"wp:attachment":[{"href":"https:\/\/ficedula.pl\/index.php\/wp-json\/wp\/v2\/media?parent=848"}],"curies":[{"name":"wp","href":"https:\/\/api.w.org\/{rel}","templated":true}]}}